{"id":54,"date":"2017-03-07T11:49:17","date_gmt":"2017-03-07T10:49:17","guid":{"rendered":"http:\/\/www.lebioley.com\/savoie\/?page_id=54"},"modified":"2021-02-04T12:18:27","modified_gmt":"2021-02-04T11:18:27","slug":"randonnees-en-ete","status":"publish","type":"page","link":"https:\/\/www.lebioley.com\/savoie\/activites\/randonnees-en-ete\/","title":{"rendered":"Randonn\u00e9es en \u00e9t\u00e9"},"content":{"rendered":"<h5 style=\"text-align: center;\">Le Versant du soleil\u2026 la montagne au naturel !<\/h5>\n<p>\u00c9t\u00e9 comme hiver, <a href=\"https:\/\/www.lebioley.com\/savoie\/le-camping\/les-emplacements\/\">le camping<\/a>, de par son emplacement au c\u0153ur du <strong>massif du Beaufortain<\/strong>, vous permet de partir directement \u00e0 la rencontre des alpages et <strong>des sommets<\/strong> majestueux.<br \/>\nLes possibilit\u00e9s sont multiples\u2026 les bons marcheurs comme les promeneurs trouveront des <strong>randonn\u00e9es<\/strong> adapt\u00e9es et agr\u00e9ables.<\/p>\n<p>Du camping au pas du promeneur on peut, en environ 1 heure, arriver \u00e0 <strong>la vall\u00e9e de Foran<\/strong>.<br \/>\nParfois, si la chance est au rendez-vous, on peut y observer <strong>des marmottes<\/strong>.<\/p>\n<p><a href=\"http:\/\/www.lebioley.com\/savoie\/wp-content\/uploads\/2017\/03\/REFUGE-DE-PRESSET-PIERRA-MENTA.jpg\"><img loading=\"lazy\" decoding=\"async\" class=\"alignleft wp-image-477 size-medium\" src=\"http:\/\/www.lebioley.com\/savoie\/wp-content\/uploads\/2017\/03\/REFUGE-DE-PRESSET-PIERRA-MENTA-300x200.jpg\" alt=\"\" width=\"300\" height=\"200\" srcset=\"https:\/\/www.lebioley.com\/savoie\/wp-content\/uploads\/2017\/03\/REFUGE-DE-PRESSET-PIERRA-MENTA-300x200.jpg 300w, https:\/\/www.lebioley.com\/savoie\/wp-content\/uploads\/2017\/03\/REFUGE-DE-PRESSET-PIERRA-MENTA-768x512.jpg 768w, https:\/\/www.lebioley.com\/savoie\/wp-content\/uploads\/2017\/03\/REFUGE-DE-PRESSET-PIERRA-MENTA.jpg 800w\" sizes=\"(max-width: 300px) 85vw, 300px\" \/><\/a>On peut aussi acc\u00e9der \u00e0 Foran en voiture, puis en environ 3 heures de marche, d\u00e9couvrir le joyau du <strong>Versant du Soleil<\/strong> : <strong>le refuge de Presset<\/strong> et <strong>son lac<\/strong> o\u00f9 se refl\u00e8te <strong>la Pierra Menta<\/strong>.<\/p>\n<p>Car au c\u0153ur des montagnes, vous croiserez de nombreux petits lacs tellement limpides que le ciel se refl\u00e8te dedans, comme dans un miroir.<\/p>\n<p>Entre <strong>l&rsquo;aiguille de la Nova<\/strong>, <strong>la Pierra Menta<\/strong>, <strong>le Roignais<\/strong>, <strong>la Grande Pare\u00ef<\/strong>, <strong>le mont Rosset<\/strong>,&#8230; Tous les plus beaux sommets du <strong>Beaufortain<\/strong> sont \u00e0 port\u00e9e de main.<\/p>\n<p>\u00c9videmment il y a <strong>mille autres activit\u00e9s<\/strong> \u00e0 d\u00e9couvrir dans les environs du camping. Que vous soyez <strong>sportif<\/strong>, <strong>assoiff\u00e9 de culture<\/strong>, <strong>gastronome<\/strong> ou contemplatif, la <strong>Tarentaise<\/strong> vous r\u00e9serve de belles d\u00e9couvertes.<\/p>\n<p>Regardez ces paysages<\/p>\n<div id='gallery-1' class='gallery galleryid-54 gallery-columns-6 gallery-size-thumbnail'><figure class='gallery-item'>\n\t\t\t<div class='gallery-icon landscape'>\n\t\t\t\t<a href='https:\/\/www.lebioley.com\/savoie\/wp-content\/uploads\/2017\/03\/VALLEE-DE-FORAN.jpg'><img loading=\"lazy\" decoding=\"async\" width=\"245\" height=\"245\" src=\"https:\/\/www.lebioley.com\/savoie\/wp-content\/uploads\/2017\/03\/VALLEE-DE-FORAN-245x245.jpg\" class=\"attachment-thumbnail size-thumbnail\" alt=\"\" \/><\/a>\n\t\t\t<\/div><\/figure><figure class='gallery-item'>\n\t\t\t<div class='gallery-icon landscape'>\n\t\t\t\t<a href='https:\/\/www.lebioley.com\/savoie\/wp-content\/uploads\/2017\/03\/AIGUILLE-DE-LA-NOVA-PIERRA-MENTA.jpg'><img loading=\"lazy\" decoding=\"async\" width=\"245\" height=\"245\" src=\"https:\/\/www.lebioley.com\/savoie\/wp-content\/uploads\/2017\/03\/AIGUILLE-DE-LA-NOVA-PIERRA-MENTA-245x245.jpg\" class=\"attachment-thumbnail size-thumbnail\" alt=\"\" \/><\/a>\n\t\t\t<\/div><\/figure><figure class='gallery-item'>\n\t\t\t<div class='gallery-icon landscape'>\n\t\t\t\t<a href='https:\/\/www.lebioley.com\/savoie\/wp-content\/uploads\/2017\/03\/CHAPELLE-ST-GUERIN.jpg'><img loading=\"lazy\" decoding=\"async\" width=\"245\" height=\"245\" src=\"https:\/\/www.lebioley.com\/savoie\/wp-content\/uploads\/2017\/03\/CHAPELLE-ST-GUERIN-245x245.jpg\" class=\"attachment-thumbnail size-thumbnail\" alt=\"\" \/><\/a>\n\t\t\t<\/div><\/figure><figure class='gallery-item'>\n\t\t\t<div class='gallery-icon landscape'>\n\t\t\t\t<a href='https:\/\/www.lebioley.com\/savoie\/wp-content\/uploads\/2017\/03\/LAC-NOIR.jpg'><img loading=\"lazy\" decoding=\"async\" width=\"245\" height=\"245\" src=\"https:\/\/www.lebioley.com\/savoie\/wp-content\/uploads\/2017\/03\/LAC-NOIR-245x245.jpg\" class=\"attachment-thumbnail size-thumbnail\" alt=\"\" \/><\/a>\n\t\t\t<\/div><\/figure><figure class='gallery-item'>\n\t\t\t<div class='gallery-icon landscape'>\n\t\t\t\t<a href='https:\/\/www.lebioley.com\/savoie\/wp-content\/uploads\/2017\/03\/LE-ROIGNAIS-LE-GD-CHATELET-depuis-le-Petit-Ch\u00e2telet.jpg'><img loading=\"lazy\" decoding=\"async\" width=\"245\" height=\"245\" src=\"https:\/\/www.lebioley.com\/savoie\/wp-content\/uploads\/2017\/03\/LE-ROIGNAIS-LE-GD-CHATELET-depuis-le-Petit-Ch\u00e2telet-245x245.jpg\" class=\"attachment-thumbnail size-thumbnail\" alt=\"\" \/><\/a>\n\t\t\t<\/div><\/figure><figure class='gallery-item'>\n\t\t\t<div class='gallery-icon landscape'>\n\t\t\t\t<a href='https:\/\/www.lebioley.com\/savoie\/wp-content\/uploads\/2017\/03\/REFUGE-DE-PRESSET-PIERRA-MENTA.jpg'><img loading=\"lazy\" decoding=\"async\" width=\"245\" height=\"245\" src=\"https:\/\/www.lebioley.com\/savoie\/wp-content\/uploads\/2017\/03\/REFUGE-DE-PRESSET-PIERRA-MENTA-245x245.jpg\" class=\"attachment-thumbnail size-thumbnail\" alt=\"\" \/><\/a>\n\t\t\t<\/div><\/figure><figure class='gallery-item'>\n\t\t\t<div class='gallery-icon landscape'>\n\t\t\t\t<a href='https:\/\/www.lebioley.com\/savoie\/wp-content\/uploads\/2017\/03\/Vue-sur-vallee.jpg'><img loading=\"lazy\" decoding=\"async\" width=\"245\" height=\"245\" src=\"https:\/\/www.lebioley.com\/savoie\/wp-content\/uploads\/2017\/03\/Vue-sur-vallee-245x245.jpg\" class=\"attachment-thumbnail size-thumbnail\" alt=\"\" \/><\/a>\n\t\t\t<\/div><\/figure><figure class='gallery-item'>\n\t\t\t<div class='gallery-icon landscape'>\n\t\t\t\t<a href='https:\/\/www.lebioley.com\/savoie\/wp-content\/uploads\/2017\/03\/Breche-de-Parozan.jpg'><img loading=\"lazy\" decoding=\"async\" width=\"245\" height=\"245\" src=\"https:\/\/www.lebioley.com\/savoie\/wp-content\/uploads\/2017\/03\/Breche-de-Parozan-245x245.jpg\" class=\"attachment-thumbnail size-thumbnail\" alt=\"\" \/><\/a>\n\t\t\t<\/div><\/figure><figure class='gallery-item'>\n\t\t\t<div class='gallery-icon landscape'>\n\t\t\t\t<a href='https:\/\/www.lebioley.com\/savoie\/wp-content\/uploads\/2017\/03\/COL-DU-TUTU.jpg'><img loading=\"lazy\" decoding=\"async\" width=\"245\" height=\"245\" src=\"https:\/\/www.lebioley.com\/savoie\/wp-content\/uploads\/2017\/03\/COL-DU-TUTU-245x245.jpg\" class=\"attachment-thumbnail size-thumbnail\" alt=\"\" \/><\/a>\n\t\t\t<\/div><\/figure><figure class='gallery-item'>\n\t\t\t<div class='gallery-icon landscape'>\n\t\t\t\t<a href='https:\/\/www.lebioley.com\/savoie\/wp-content\/uploads\/2017\/03\/Combe-benite-et-Cret-du-Rey-depuis-Roc-de-Charbonniere.jpg'><img loading=\"lazy\" decoding=\"async\" width=\"245\" height=\"245\" src=\"https:\/\/www.lebioley.com\/savoie\/wp-content\/uploads\/2017\/03\/Combe-benite-et-Cret-du-Rey-depuis-Roc-de-Charbonniere-245x245.jpg\" class=\"attachment-thumbnail size-thumbnail\" alt=\"\" \/><\/a>\n\t\t\t<\/div><\/figure><figure class='gallery-item'>\n\t\t\t<div class='gallery-icon landscape'>\n\t\t\t\t<a href='https:\/\/www.lebioley.com\/savoie\/wp-content\/uploads\/2017\/03\/Lac-Forclaz.jpg'><img loading=\"lazy\" decoding=\"async\" width=\"245\" height=\"245\" src=\"https:\/\/www.lebioley.com\/savoie\/wp-content\/uploads\/2017\/03\/Lac-Forclaz-245x245.jpg\" class=\"attachment-thumbnail size-thumbnail\" alt=\"\" \/><\/a>\n\t\t\t<\/div><\/figure><figure class='gallery-item'>\n\t\t\t<div class='gallery-icon portrait'>\n\t\t\t\t<a href='https:\/\/www.lebioley.com\/savoie\/wp-content\/uploads\/2017\/03\/LES-FOURS.jpg'><img loading=\"lazy\" decoding=\"async\" width=\"245\" height=\"245\" src=\"https:\/\/www.lebioley.com\/savoie\/wp-content\/uploads\/2017\/03\/LES-FOURS-245x245.jpg\" class=\"attachment-thumbnail size-thumbnail\" alt=\"\" \/><\/a>\n\t\t\t<\/div><\/figure><figure class='gallery-item'>\n\t\t\t<div class='gallery-icon landscape'>\n\t\t\t\t<a href='https:\/\/www.lebioley.com\/savoie\/wp-content\/uploads\/2017\/03\/refuge-balme-montagne.jpg'><img loading=\"lazy\" decoding=\"async\" width=\"245\" height=\"245\" src=\"https:\/\/www.lebioley.com\/savoie\/wp-content\/uploads\/2017\/03\/refuge-balme-montagne-245x245.jpg\" class=\"attachment-thumbnail size-thumbnail\" alt=\"\" \/><\/a>\n\t\t\t<\/div><\/figure><figure class='gallery-item'>\n\t\t\t<div class='gallery-icon landscape'>\n\t\t\t\t<a href='https:\/\/www.lebioley.com\/savoie\/wp-content\/uploads\/2017\/03\/refuge-balme-montagne-2.jpg'><img loading=\"lazy\" decoding=\"async\" width=\"245\" height=\"245\" src=\"https:\/\/www.lebioley.com\/savoie\/wp-content\/uploads\/2017\/03\/refuge-balme-montagne-2-245x245.jpg\" class=\"attachment-thumbnail size-thumbnail\" alt=\"\" \/><\/a>\n\t\t\t<\/div><\/figure><figure class='gallery-item'>\n\t\t\t<div class='gallery-icon landscape'>\n\t\t\t\t<a href='https:\/\/www.lebioley.com\/savoie\/wp-content\/uploads\/2017\/03\/refuge-coire-arc-en-ciel.jpg'><img loading=\"lazy\" decoding=\"async\" width=\"245\" height=\"245\" src=\"https:\/\/www.lebioley.com\/savoie\/wp-content\/uploads\/2017\/03\/refuge-coire-arc-en-ciel-245x245.jpg\" class=\"attachment-thumbnail size-thumbnail\" alt=\"\" \/><\/a>\n\t\t\t<\/div><\/figure><figure class='gallery-item'>\n\t\t\t<div class='gallery-icon landscape'>\n\t\t\t\t<a href='https:\/\/www.lebioley.com\/savoie\/wp-content\/uploads\/2017\/03\/refuge-coire-automne.jpg'><img loading=\"lazy\" decoding=\"async\" width=\"245\" height=\"245\" src=\"https:\/\/www.lebioley.com\/savoie\/wp-content\/uploads\/2017\/03\/refuge-coire-automne-245x245.jpg\" class=\"attachment-thumbnail size-thumbnail\" alt=\"\" \/><\/a>\n\t\t\t<\/div><\/figure><figure class='gallery-item'>\n\t\t\t<div class='gallery-icon portrait'>\n\t\t\t\t<a href='https:\/\/www.lebioley.com\/savoie\/wp-content\/uploads\/2017\/03\/refuge-coire-montagne.jpg'><img loading=\"lazy\" decoding=\"async\" width=\"245\" height=\"245\" src=\"https:\/\/www.lebioley.com\/savoie\/wp-content\/uploads\/2017\/03\/refuge-coire-montagne-245x245.jpg\" class=\"attachment-thumbnail size-thumbnail\" alt=\"\" \/><\/a>\n\t\t\t<\/div><\/figure><figure class='gallery-item'>\n\t\t\t<div class='gallery-icon landscape'>\n\t\t\t\t<a href='https:\/\/www.lebioley.com\/savoie\/wp-content\/uploads\/2017\/03\/refuge-coire-montagne-vaches.jpg'><img loading=\"lazy\" decoding=\"async\" width=\"245\" height=\"245\" src=\"https:\/\/www.lebioley.com\/savoie\/wp-content\/uploads\/2017\/03\/refuge-coire-montagne-vaches-245x245.jpg\" class=\"attachment-thumbnail size-thumbnail\" alt=\"\" \/><\/a>\n\t\t\t<\/div><\/figure><figure class='gallery-item'>\n\t\t\t<div class='gallery-icon landscape'>\n\t\t\t\t<a href='https:\/\/www.lebioley.com\/savoie\/wp-content\/uploads\/2017\/03\/refuge-coire-nuit.jpg'><img loading=\"lazy\" decoding=\"async\" width=\"245\" height=\"245\" src=\"https:\/\/www.lebioley.com\/savoie\/wp-content\/uploads\/2017\/03\/refuge-coire-nuit-245x245.jpg\" class=\"attachment-thumbnail size-thumbnail\" alt=\"\" \/><\/a>\n\t\t\t<\/div><\/figure><figure class='gallery-item'>\n\t\t\t<div class='gallery-icon landscape'>\n\t\t\t\t<a href='https:\/\/www.lebioley.com\/savoie\/wp-content\/uploads\/2017\/03\/refuge-coire-paysage.jpg'><img loading=\"lazy\" decoding=\"async\" width=\"245\" height=\"245\" src=\"https:\/\/www.lebioley.com\/savoie\/wp-content\/uploads\/2017\/03\/refuge-coire-paysage-245x245.jpg\" class=\"attachment-thumbnail size-thumbnail\" alt=\"\" \/><\/a>\n\t\t\t<\/div><\/figure><figure class='gallery-item'>\n\t\t\t<div class='gallery-icon landscape'>\n\t\t\t\t<a href='https:\/\/www.lebioley.com\/savoie\/wp-content\/uploads\/2017\/03\/refuge-coire-terrasse.jpg'><img loading=\"lazy\" decoding=\"async\" width=\"245\" height=\"245\" src=\"https:\/\/www.lebioley.com\/savoie\/wp-content\/uploads\/2017\/03\/refuge-coire-terrasse-245x245.jpg\" class=\"attachment-thumbnail size-thumbnail\" alt=\"\" \/><\/a>\n\t\t\t<\/div><\/figure><figure class='gallery-item'>\n\t\t\t<div class='gallery-icon landscape'>\n\t\t\t\t<a href='https:\/\/www.lebioley.com\/savoie\/wp-content\/uploads\/2017\/03\/refuge-coire-vache.jpg'><img loading=\"lazy\" decoding=\"async\" width=\"245\" height=\"245\" src=\"https:\/\/www.lebioley.com\/savoie\/wp-content\/uploads\/2017\/03\/refuge-coire-vache-245x245.jpg\" class=\"attachment-thumbnail size-thumbnail\" alt=\"\" \/><\/a>\n\t\t\t<\/div><\/figure><figure class='gallery-item'>\n\t\t\t<div class='gallery-icon landscape'>\n\t\t\t\t<a href='https:\/\/www.lebioley.com\/savoie\/wp-content\/uploads\/2017\/03\/refuge-vue-vallee.jpg'><img loading=\"lazy\" decoding=\"async\" width=\"245\" height=\"245\" src=\"https:\/\/www.lebioley.com\/savoie\/wp-content\/uploads\/2017\/03\/refuge-vue-vallee-245x245.jpg\" class=\"attachment-thumbnail size-thumbnail\" alt=\"\" \/><\/a>\n\t\t\t<\/div><\/figure><figure class='gallery-item'>\n\t\t\t<div class='gallery-icon portrait'>\n\t\t\t\t<a href='https:\/\/www.lebioley.com\/savoie\/wp-content\/uploads\/2017\/03\/pierra-menta-depuis-refuge-balme.jpg'><img loading=\"lazy\" decoding=\"async\" width=\"245\" height=\"245\" src=\"https:\/\/www.lebioley.com\/savoie\/wp-content\/uploads\/2017\/03\/pierra-menta-depuis-refuge-balme-245x245.jpg\" class=\"attachment-thumbnail size-thumbnail\" alt=\"\" \/><\/a>\n\t\t\t<\/div><\/figure><figure class='gallery-item'>\n\t\t\t<div class='gallery-icon landscape'>\n\t\t\t\t<a href='https:\/\/www.lebioley.com\/savoie\/wp-content\/uploads\/2017\/03\/refuge-balme-ete.jpg'><img loading=\"lazy\" decoding=\"async\" width=\"245\" height=\"245\" src=\"https:\/\/www.lebioley.com\/savoie\/wp-content\/uploads\/2017\/03\/refuge-balme-ete-245x245.jpg\" class=\"attachment-thumbnail size-thumbnail\" alt=\"\" \/><\/a>\n\t\t\t<\/div><\/figure>\n\t\t<\/div>\n\n","protected":false},"excerpt":{"rendered":"<p>Le Versant du soleil\u2026 la montagne au naturel ! \u00c9t\u00e9 comme hiver, le camping, de par son emplacement au c\u0153ur du massif du Beaufortain, vous permet de partir directement \u00e0 la rencontre des alpages et des sommets majestueux. Les possibilit\u00e9s sont multiples\u2026 les bons marcheurs comme les promeneurs trouveront des randonn\u00e9es adapt\u00e9es et agr\u00e9ables. Du &hellip; <a href=\"https:\/\/www.lebioley.com\/savoie\/activites\/randonnees-en-ete\/\" class=\"more-link\">Continuer la lecture<span class=\"screen-reader-text\"> de &laquo;&nbsp;Randonn\u00e9es en \u00e9t\u00e9&nbsp;&raquo;<\/span><\/a><\/p>\n","protected":false},"author":5,"featured_media":470,"parent":10,"menu_order":1,"comment_status":"closed","ping_status":"closed","template":"","meta":{"_acf_changed":false,"footnotes":"","_links_to":"","_links_to_target":""},"acf":[],"aioseo_notices":[],"_links":{"self":[{"href":"https:\/\/www.lebioley.com\/savoie\/wp-json\/wp\/v2\/pages\/54"}],"collection":[{"href":"https:\/\/www.lebioley.com\/savoie\/wp-json\/wp\/v2\/pages"}],"about":[{"href":"https:\/\/www.lebioley.com\/savoie\/wp-json\/wp\/v2\/types\/page"}],"author":[{"embeddable":true,"href":"https:\/\/www.lebioley.com\/savoie\/wp-json\/wp\/v2\/users\/5"}],"replies":[{"embeddable":true,"href":"https:\/\/www.lebioley.com\/savoie\/wp-json\/wp\/v2\/comments?post=54"}],"version-history":[{"count":16,"href":"https:\/\/www.lebioley.com\/savoie\/wp-json\/wp\/v2\/pages\/54\/revisions"}],"predecessor-version":[{"id":1026,"href":"https:\/\/www.lebioley.com\/savoie\/wp-json\/wp\/v2\/pages\/54\/revisions\/1026"}],"up":[{"embeddable":true,"href":"https:\/\/www.lebioley.com\/savoie\/wp-json\/wp\/v2\/pages\/10"}],"wp:featuredmedia":[{"embeddable":true,"href":"https:\/\/www.lebioley.com\/savoie\/wp-json\/wp\/v2\/media\/470"}],"wp:attachment":[{"href":"https:\/\/www.lebioley.com\/savoie\/wp-json\/wp\/v2\/media?parent=54"}],"curies":[{"name":"wp","href":"https:\/\/api.w.org\/{rel}","templated":true}]}}